{"id":20961,"date":"2025-06-09T15:39:52","date_gmt":"2025-06-09T15:39:52","guid":{"rendered":"https:\/\/revistaliterariaelgatonegro.com\/?post_type=product&#038;p=20961"},"modified":"2025-06-09T15:39:52","modified_gmt":"2025-06-09T15:39:52","slug":"como-respirar-mientras-me-asfixio","status":"publish","type":"product","link":"https:\/\/revistaliterariaelgatonegro.com\/?product=como-respirar-mientras-me-asfixio","title":{"rendered":"C\u00d3MO RESPIRAR MIENTRAS ME ASFIXIO"},"content":{"rendered":"\r\n<p><em>C\u00f3mo respirar mientras me asfixio<\/em>\u00a0es una lecci\u00f3n para aprender a recuperar la energ\u00eda cuando sentimos que todo nos supera y nos falta fuerza para seguir adelante, encontrar el camino hacia nuestras pasiones y empezar otra vez a vivir la vida.<\/p>\r\n\r\n\r\n\r\n<p>Bruce Brackett, conferenciante motivacional y personalidad de las redes sociales, revela c\u00f3mo super\u00f3 el abuso, el abandono, la intimidaci\u00f3n, la adicci\u00f3n y muchas otras cosas. No fue un camino f\u00e1cil, pero mientras lo recorr\u00eda aprendi\u00f3 algunas lecciones realmente valiosas. Este libro -un relato profundamente personal y, a la vez, una gu\u00eda de aplicaci\u00f3n universal- constituye un atajo para los lectores en sus propios viajes de sanaci\u00f3n y recuperaci\u00f3n. Gracias a este libro sobre el poder de la determinaci\u00f3n, podremos aprender por las buenas lo que Brackett aprendi\u00f3 por las malas.<\/p>\r\n\r\n\r\n\r\n<p>Es una obra excelente para todas aquellas personas que luchan por recobrar sus niveles de motivaci\u00f3n prepand\u00e9micos, que se est\u00e1n recuperando de adicciones o que simplemente tienen cierta sensaci\u00f3n de vac\u00edo y de falta de prop\u00f3sito en sus vidas. El autor destila las lecciones aprendidas a lo largo de un camino lleno de baches hacia la plenitud mental y, mientras presenta su historia, entreteje mantras f\u00e1ciles de recordar que convierten este libro en una valiosa fuente de inspiraci\u00f3n.<\/p>\r\n","protected":false},"excerpt":{"rendered":"<h3 data-campo=\"ISBN\">Bruce Brackett<\/h3>\n<p>Bruce Brackett, conferenciante motivacional y personalidad de las redes sociales, revela c\u00f3mo super\u00f3 el abuso, el abandono, la intimidaci\u00f3n, la adicci\u00f3n y muchas otras cosas.<\/p>\n<ul>\n<li>Editorial:Anaya Multimedia<\/li>\n<li>ISBN: 9788441551305<\/li>\n<li>Idioma: Castellano<\/li>\n<li>N\u00famero de p\u00e1ginas: 224<\/li>\n<li>Encuadernaci\u00f3n: Tapa blanda<\/li>\n<\/ul>\n<p>&nbsp;<\/p>\n<p><a href=\"https:\/\/tidd.ly\/4kBh4cT\" target=\"_blank\" rel=\"noopener\"><button class=\"boton1\">Libro<\/button><\/a> <a href=\"https:\/\/tidd.ly\/449wY8g\" target=\"_blank\" rel=\"noopener\"><button class=\"boton1\">eBook<\/button><\/a><\/p>\n","protected":false},"featured_media":20962,"template":"","meta":[],"product_brand":[],"product_cat":[190],"product_tag":[153],"class_list":{"0":"post-20961","1":"product","2":"type-product","3":"status-publish","4":"has-post-thumbnail","6":"product_cat-autoayuda","7":"product_tag-autoayuda","9":"first","10":"instock","11":"sale","12":"taxable","13":"shipping-taxable","14":"product-type-external"},"yoast_head":"<!-- This site is optimized with the Yoast SEO plugin v27.4 - https:\/\/yoast.com\/product\/yoast-seo-wordpress\/ -->\n<title>C\u00d3MO RESPIRAR MIENTRAS ME ASFIXIO - REVISTA CULTURAL<\/title>\n<meta name=\"description\" content=\"Una historia personal de superaci\u00f3n de adicciones, recuperaci\u00f3n de traumas y curaci\u00f3n del alma. Una obra excelente para todas aquellas personas que luchan\" \/>\n<meta name=\"robots\" content=\"index, follow, max-snippet:-1, max-image-preview:large, max-video-preview:-1\" \/>\n<link rel=\"canonical\" href=\"https:\/\/revistaliterariaelgatonegro.com\/?product=como-respirar-mientras-me-asfixio\" \/>\n<meta property=\"og:locale\" content=\"es_ES\" \/>\n<meta property=\"og:type\" content=\"article\" \/>\n<meta property=\"og:title\" content=\"C\u00d3MO RESPIRAR MIENTRAS ME ASFIXIO - REVISTA CULTURAL\" \/>\n<meta property=\"og:description\" content=\"Una historia personal de superaci\u00f3n de adicciones, recuperaci\u00f3n de traumas y curaci\u00f3n del alma. Una obra excelente para todas aquellas personas que luchan\" \/>\n<meta property=\"og:url\" content=\"https:\/\/revistaliterariaelgatonegro.com\/?product=como-respirar-mientras-me-asfixio\" \/>\n<meta property=\"og:site_name\" content=\"REVISTA CULTURAL\" \/>\n<meta property=\"og:image\" content=\"https:\/\/revistaliterariaelgatonegro.com\/wp-content\/uploads\/2025\/06\/como-respirar-mientras-me-asfixio.jpg\" \/>\n\t<meta property=\"og:image:width\" content=\"290\" \/>\n\t<meta property=\"og:image:height\" content=\"425\" \/>\n\t<meta property=\"og:image:type\" content=\"image\/jpeg\" \/>\n<meta name=\"twitter:card\" content=\"summary_large_image\" \/>\n<meta name=\"twitter:label1\" content=\"Tiempo de lectura\" \/>\n\t<meta name=\"twitter:data1\" content=\"2 minutos\" \/>\n<script type=\"application\/ld+json\" class=\"yoast-schema-graph\">{\"@context\":\"https:\\\/\\\/schema.org\",\"@graph\":[{\"@type\":\"WebPage\",\"@id\":\"https:\\\/\\\/revistaliterariaelgatonegro.com\\\/?product=como-respirar-mientras-me-asfixio\",\"url\":\"https:\\\/\\\/revistaliterariaelgatonegro.com\\\/?product=como-respirar-mientras-me-asfixio\",\"name\":\"C\u00d3MO RESPIRAR MIENTRAS ME ASFIXIO - REVISTA CULTURAL\",\"isPartOf\":{\"@id\":\"https:\\\/\\\/revistaliterariaelgatonegro.com\\\/#website\"},\"primaryImageOfPage\":{\"@id\":\"https:\\\/\\\/revistaliterariaelgatonegro.com\\\/?product=como-respirar-mientras-me-asfixio#primaryimage\"},\"image\":{\"@id\":\"https:\\\/\\\/revistaliterariaelgatonegro.com\\\/?product=como-respirar-mientras-me-asfixio#primaryimage\"},\"thumbnailUrl\":\"https:\\\/\\\/revistaliterariaelgatonegro.com\\\/wp-content\\\/uploads\\\/2025\\\/06\\\/como-respirar-mientras-me-asfixio.jpg\",\"datePublished\":\"2025-06-09T15:39:52+00:00\",\"description\":\"Una historia personal de superaci\u00f3n de adicciones, recuperaci\u00f3n de traumas y curaci\u00f3n del alma. Una obra excelente para todas aquellas personas que luchan\",\"breadcrumb\":{\"@id\":\"https:\\\/\\\/revistaliterariaelgatonegro.com\\\/?product=como-respirar-mientras-me-asfixio#breadcrumb\"},\"inLanguage\":\"es\",\"potentialAction\":[{\"@type\":\"ReadAction\",\"target\":[\"https:\\\/\\\/revistaliterariaelgatonegro.com\\\/?product=como-respirar-mientras-me-asfixio\"]}]},{\"@type\":\"ImageObject\",\"inLanguage\":\"es\",\"@id\":\"https:\\\/\\\/revistaliterariaelgatonegro.com\\\/?product=como-respirar-mientras-me-asfixio#primaryimage\",\"url\":\"https:\\\/\\\/revistaliterariaelgatonegro.com\\\/wp-content\\\/uploads\\\/2025\\\/06\\\/como-respirar-mientras-me-asfixio.jpg\",\"contentUrl\":\"https:\\\/\\\/revistaliterariaelgatonegro.com\\\/wp-content\\\/uploads\\\/2025\\\/06\\\/como-respirar-mientras-me-asfixio.jpg\",\"width\":290,\"height\":425},{\"@type\":\"BreadcrumbList\",\"@id\":\"https:\\\/\\\/revistaliterariaelgatonegro.com\\\/?product=como-respirar-mientras-me-asfixio#breadcrumb\",\"itemListElement\":[{\"@type\":\"ListItem\",\"position\":1,\"name\":\"Portada\",\"item\":\"https:\\\/\\\/revistaliterariaelgatonegro.com\\\/\"},{\"@type\":\"ListItem\",\"position\":2,\"name\":\"Librer\u00eda\",\"item\":\"https:\\\/\\\/revistaliterariaelgatonegro.com\\\/?page_id=20159\"},{\"@type\":\"ListItem\",\"position\":3,\"name\":\"C\u00d3MO RESPIRAR MIENTRAS ME ASFIXIO\"}]},{\"@type\":\"WebSite\",\"@id\":\"https:\\\/\\\/revistaliterariaelgatonegro.com\\\/#website\",\"url\":\"https:\\\/\\\/revistaliterariaelgatonegro.com\\\/\",\"name\":\"REVISTA CULTURAL\",\"description\":\" Un nuevo espacio para la divulgaci\u00f3n literaria, as\u00ed como dem\u00e1s artes \",\"publisher\":{\"@id\":\"https:\\\/\\\/revistaliterariaelgatonegro.com\\\/#\\\/schema\\\/person\\\/6a37dd51e0f101e394e91c123fd12e8a\"},\"potentialAction\":[{\"@type\":\"SearchAction\",\"target\":{\"@type\":\"EntryPoint\",\"urlTemplate\":\"https:\\\/\\\/revistaliterariaelgatonegro.com\\\/?s={search_term_string}\"},\"query-input\":{\"@type\":\"PropertyValueSpecification\",\"valueRequired\":true,\"valueName\":\"search_term_string\"}}],\"inLanguage\":\"es\"},{\"@type\":[\"Person\",\"Organization\"],\"@id\":\"https:\\\/\\\/revistaliterariaelgatonegro.com\\\/#\\\/schema\\\/person\\\/6a37dd51e0f101e394e91c123fd12e8a\",\"name\":\"administrador\",\"image\":{\"@type\":\"ImageObject\",\"inLanguage\":\"es\",\"@id\":\"https:\\\/\\\/revistaliterariaelgatonegro.com\\\/wp-content\\\/uploads\\\/2025\\\/12\\\/cropped-Logotipo-Logo-Marca-personal-Pastel-Amarillo-12-Photoroom.png\",\"url\":\"https:\\\/\\\/revistaliterariaelgatonegro.com\\\/wp-content\\\/uploads\\\/2025\\\/12\\\/cropped-Logotipo-Logo-Marca-personal-Pastel-Amarillo-12-Photoroom.png\",\"contentUrl\":\"https:\\\/\\\/revistaliterariaelgatonegro.com\\\/wp-content\\\/uploads\\\/2025\\\/12\\\/cropped-Logotipo-Logo-Marca-personal-Pastel-Amarillo-12-Photoroom.png\",\"width\":364,\"height\":212,\"caption\":\"administrador\"},\"logo\":{\"@id\":\"https:\\\/\\\/revistaliterariaelgatonegro.com\\\/wp-content\\\/uploads\\\/2025\\\/12\\\/cropped-Logotipo-Logo-Marca-personal-Pastel-Amarillo-12-Photoroom.png\"},\"sameAs\":[\"http:\\\/\\\/s864831950.mialojamiento.es\"]}]}<\/script>\n<!-- \/ Yoast SEO plugin. -->","yoast_head_json":{"title":"C\u00d3MO RESPIRAR MIENTRAS ME ASFIXIO - REVISTA CULTURAL","description":"Una historia personal de superaci\u00f3n de adicciones, recuperaci\u00f3n de traumas y curaci\u00f3n del alma. Una obra excelente para todas aquellas personas que luchan","robots":{"index":"index","follow":"follow","max-snippet":"max-snippet:-1","max-image-preview":"max-image-preview:large","max-video-preview":"max-video-preview:-1"},"canonical":"https:\/\/revistaliterariaelgatonegro.com\/?product=como-respirar-mientras-me-asfixio","og_locale":"es_ES","og_type":"article","og_title":"C\u00d3MO RESPIRAR MIENTRAS ME ASFIXIO - REVISTA CULTURAL","og_description":"Una historia personal de superaci\u00f3n de adicciones, recuperaci\u00f3n de traumas y curaci\u00f3n del alma. Una obra excelente para todas aquellas personas que luchan","og_url":"https:\/\/revistaliterariaelgatonegro.com\/?product=como-respirar-mientras-me-asfixio","og_site_name":"REVISTA CULTURAL","og_image":[{"width":290,"height":425,"url":"https:\/\/revistaliterariaelgatonegro.com\/wp-content\/uploads\/2025\/06\/como-respirar-mientras-me-asfixio.jpg","type":"image\/jpeg"}],"twitter_card":"summary_large_image","twitter_misc":{"Tiempo de lectura":"2 minutos"},"schema":{"@context":"https:\/\/schema.org","@graph":[{"@type":"WebPage","@id":"https:\/\/revistaliterariaelgatonegro.com\/?product=como-respirar-mientras-me-asfixio","url":"https:\/\/revistaliterariaelgatonegro.com\/?product=como-respirar-mientras-me-asfixio","name":"C\u00d3MO RESPIRAR MIENTRAS ME ASFIXIO - REVISTA CULTURAL","isPartOf":{"@id":"https:\/\/revistaliterariaelgatonegro.com\/#website"},"primaryImageOfPage":{"@id":"https:\/\/revistaliterariaelgatonegro.com\/?product=como-respirar-mientras-me-asfixio#primaryimage"},"image":{"@id":"https:\/\/revistaliterariaelgatonegro.com\/?product=como-respirar-mientras-me-asfixio#primaryimage"},"thumbnailUrl":"https:\/\/revistaliterariaelgatonegro.com\/wp-content\/uploads\/2025\/06\/como-respirar-mientras-me-asfixio.jpg","datePublished":"2025-06-09T15:39:52+00:00","description":"Una historia personal de superaci\u00f3n de adicciones, recuperaci\u00f3n de traumas y curaci\u00f3n del alma. Una obra excelente para todas aquellas personas que luchan","breadcrumb":{"@id":"https:\/\/revistaliterariaelgatonegro.com\/?product=como-respirar-mientras-me-asfixio#breadcrumb"},"inLanguage":"es","potentialAction":[{"@type":"ReadAction","target":["https:\/\/revistaliterariaelgatonegro.com\/?product=como-respirar-mientras-me-asfixio"]}]},{"@type":"ImageObject","inLanguage":"es","@id":"https:\/\/revistaliterariaelgatonegro.com\/?product=como-respirar-mientras-me-asfixio#primaryimage","url":"https:\/\/revistaliterariaelgatonegro.com\/wp-content\/uploads\/2025\/06\/como-respirar-mientras-me-asfixio.jpg","contentUrl":"https:\/\/revistaliterariaelgatonegro.com\/wp-content\/uploads\/2025\/06\/como-respirar-mientras-me-asfixio.jpg","width":290,"height":425},{"@type":"BreadcrumbList","@id":"https:\/\/revistaliterariaelgatonegro.com\/?product=como-respirar-mientras-me-asfixio#breadcrumb","itemListElement":[{"@type":"ListItem","position":1,"name":"Portada","item":"https:\/\/revistaliterariaelgatonegro.com\/"},{"@type":"ListItem","position":2,"name":"Librer\u00eda","item":"https:\/\/revistaliterariaelgatonegro.com\/?page_id=20159"},{"@type":"ListItem","position":3,"name":"C\u00d3MO RESPIRAR MIENTRAS ME ASFIXIO"}]},{"@type":"WebSite","@id":"https:\/\/revistaliterariaelgatonegro.com\/#website","url":"https:\/\/revistaliterariaelgatonegro.com\/","name":"REVISTA CULTURAL","description":" Un nuevo espacio para la divulgaci\u00f3n literaria, as\u00ed como dem\u00e1s artes ","publisher":{"@id":"https:\/\/revistaliterariaelgatonegro.com\/#\/schema\/person\/6a37dd51e0f101e394e91c123fd12e8a"},"potentialAction":[{"@type":"SearchAction","target":{"@type":"EntryPoint","urlTemplate":"https:\/\/revistaliterariaelgatonegro.com\/?s={search_term_string}"},"query-input":{"@type":"PropertyValueSpecification","valueRequired":true,"valueName":"search_term_string"}}],"inLanguage":"es"},{"@type":["Person","Organization"],"@id":"https:\/\/revistaliterariaelgatonegro.com\/#\/schema\/person\/6a37dd51e0f101e394e91c123fd12e8a","name":"administrador","image":{"@type":"ImageObject","inLanguage":"es","@id":"https:\/\/revistaliterariaelgatonegro.com\/wp-content\/uploads\/2025\/12\/cropped-Logotipo-Logo-Marca-personal-Pastel-Amarillo-12-Photoroom.png","url":"https:\/\/revistaliterariaelgatonegro.com\/wp-content\/uploads\/2025\/12\/cropped-Logotipo-Logo-Marca-personal-Pastel-Amarillo-12-Photoroom.png","contentUrl":"https:\/\/revistaliterariaelgatonegro.com\/wp-content\/uploads\/2025\/12\/cropped-Logotipo-Logo-Marca-personal-Pastel-Amarillo-12-Photoroom.png","width":364,"height":212,"caption":"administrador"},"logo":{"@id":"https:\/\/revistaliterariaelgatonegro.com\/wp-content\/uploads\/2025\/12\/cropped-Logotipo-Logo-Marca-personal-Pastel-Amarillo-12-Photoroom.png"},"sameAs":["http:\/\/s864831950.mialojamiento.es"]}]}},"_links":{"self":[{"href":"https:\/\/revistaliterariaelgatonegro.com\/index.php?rest_route=\/wp\/v2\/product\/20961","targetHints":{"allow":["GET"]}}],"collection":[{"href":"https:\/\/revistaliterariaelgatonegro.com\/index.php?rest_route=\/wp\/v2\/product"}],"about":[{"href":"https:\/\/revistaliterariaelgatonegro.com\/index.php?rest_route=\/wp\/v2\/types\/product"}],"wp:featuredmedia":[{"embeddable":true,"href":"https:\/\/revistaliterariaelgatonegro.com\/index.php?rest_route=\/wp\/v2\/media\/20962"}],"wp:attachment":[{"href":"https:\/\/revistaliterariaelgatonegro.com\/index.php?rest_route=%2Fwp%2Fv2%2Fmedia&parent=20961"}],"wp:term":[{"taxonomy":"product_brand","embeddable":true,"href":"https:\/\/revistaliterariaelgatonegro.com\/index.php?rest_route=%2Fwp%2Fv2%2Fproduct_brand&post=20961"},{"taxonomy":"product_cat","embeddable":true,"href":"https:\/\/revistaliterariaelgatonegro.com\/index.php?rest_route=%2Fwp%2Fv2%2Fproduct_cat&post=20961"},{"taxonomy":"product_tag","embeddable":true,"href":"https:\/\/revistaliterariaelgatonegro.com\/index.php?rest_route=%2Fwp%2Fv2%2Fproduct_tag&post=20961"}],"curies":[{"name":"wp","href":"https:\/\/api.w.org\/{rel}","templated":true}]}}