{"id":7553,"date":"2023-01-19T08:56:14","date_gmt":"2023-01-19T08:56:14","guid":{"rendered":"https:\/\/revistaliterariaelgatonegro.com\/?page_id=7553"},"modified":"2023-01-19T09:42:04","modified_gmt":"2023-01-19T09:42:04","slug":"javier-claure-covarrubias","status":"publish","type":"page","link":"https:\/\/revistaliterariaelgatonegro.com\/?page_id=7553","title":{"rendered":"Javier Claure Covarrubias"},"content":{"rendered":"\n<figure class=\"wp-block-image alignright size-full is-resized\"><img decoding=\"async\" src=\"https:\/\/revistaliterariaelgatonegro.com\/wp-content\/uploads\/2023\/01\/Javier-2.jpg\" alt=\"\" class=\"wp-image-7554\" width=\"264\" height=\"344\" srcset=\"https:\/\/revistaliterariaelgatonegro.com\/wp-content\/uploads\/2023\/01\/Javier-2.jpg 488w, https:\/\/revistaliterariaelgatonegro.com\/wp-content\/uploads\/2023\/01\/Javier-2-300x391.jpg 300w, https:\/\/revistaliterariaelgatonegro.com\/wp-content\/uploads\/2023\/01\/Javier-2-64x83.jpg 64w, https:\/\/revistaliterariaelgatonegro.com\/wp-content\/uploads\/2023\/01\/Javier-2-230x300.jpg 230w\" sizes=\"(max-width: 264px) 100vw, 264px\" \/><figcaption class=\"wp-element-caption\"><em>Javier Claure Covarrubias<\/em><\/figcaption><\/figure>\n\n\n\n<p>Naci\u00f3 en Oruro, capital folkl\u00f3rica de Bolivia. Es miembro del Pen-Club Internacional, de la Uni\u00f3n Nacional de Poetas y Escritores de Oruro (UNPE), de la Sociedad de Escritores Suecos, del Movimiento Po\u00e9tico Mundial (World Poetry Movement), del Liceo Po\u00e9tico de Benidorm (Espa\u00f1a), de la Asociaci\u00f3n de Escritores de Madrid (AEM) y miembro de n\u00famero (300-ES-026) de la Academia Norteamericana de Literatura Moderna, Cap\u00edtulo Espa\u00f1a. Ejerce el periodismo cultural. Fue uno de los organizadores del Primer Encuentro de Poetas y Narradores Bolivianos en Europa (Estocolmo, 1991).<\/p>\n\n\n\n<p>Ha estudiado inform\u00e1tica en la Universidad Real de Tecnolog\u00eda de Estocolmo (Kungliga Tekniska H\u00f6gskolan) y en la Universidad de Uppsala (Suecia). Tambi\u00e9n estudi\u00f3 matem\u00e1ticas en la Universidad de Estocolmo, casa de estudios donde adem\u00e1s obtuvo una Maestr\u00eda en Pedagog\u00eda y una Licenciatura en Sociolog\u00eda.<\/p>\n\n\n\n<p>Form\u00f3 parte de la redacci\u00f3n de las revistas literarias <em>Contraluz <\/em>y <em>Noche Literaria<\/em>. Algunos de sus poemas han sido seleccionados para las siguientes antolog\u00edas:<em> El libro de todos<\/em> (1999), <em>La poes\u00eda en Oruro <\/em>(2005), <em>Poes\u00eda boliviana en Suecia (<\/em>2005), <em>Poes\u00eda Boliviana Contempor\u00e1nea<\/em> (2007), <em>Antolog\u00eda Comentada de la Poes\u00eda Boliviana <\/em>(2010), <em>Antolog\u00eda de la poes\u00eda universal, poetas del siglo XXI<\/em> (2010), <em>Poes\u00eda Solidaria<\/em> (2013), <em>Antolog\u00eda po\u00e9tica de amor y desamor, Espa\u00f1a <\/em>(2016), <em>Antolog\u00eda po\u00e9tica biling\u00fce rumano-espa\u00f1ol, Rumania<\/em> (2016) y<em> Antolog\u00eda del Festival Internacional de Poes\u00eda Benidorm &amp; Costa Blanca <\/em>(2016). Asimismo, forma parte del <em>Diccionario de autores orure\u00f1os<\/em> (2007).<\/p>\n\n\n\n<p>Durante los \u00faltimos 15 a\u00f1os ha asistido al discurso Nobel del Premio Nobel de Literatura. Y tambi\u00e9n a las charlas del Premio Nobel de Literatura en la Biblioteca de Rinkeby, evento que se lleva a cabo, cada a\u00f1o, en colaboraci\u00f3n con los alumnos del Colegio Askeby y Bredby.<\/p>\n\n\n\n<p>Ha participado en el Primer Festival Internacional de Poes\u00eda, Benidorm y Costa Blanca (Espa\u00f1a, 2016), en la cuarta edici\u00f3n de los Encuentros Internacionales de Poetas en Telciu (Ruman\u00eda, 2018), en el XVI Aniversario del Liceo Po\u00e9tico de Benidorm en Priego de C\u00f3rdoba (Espa\u00f1a, 2019), en la lectura po\u00e9tica de la Asociaci\u00f3n Cultural <em>La Emp\u00edrica, Espacio de Arte y Creaci\u00f3n<\/em> en Granada (Espa\u00f1a, 2019) y en el Primer Festival Internacional de Poes\u00eda Diverbium en Madrid (Espa\u00f1a, 2019).<\/p>\n\n\n\n<p>Publicaciones: <em>Pre\u00e1mbulos y ausencias <\/em>(2004), <em>Con el fuego en la palabra <\/em>(2006), <em>Extra\u00f1o oficio <\/em>(2010), <em>R\u00e9quiem por un mundo desfallecido <\/em>(2014) y <em>De Escandinavia a los Andes (2016)<\/em>.<\/p>\n","protected":false},"excerpt":{"rendered":"<p>Naci\u00f3 en Oruro, capital folkl\u00f3rica de Bolivia. Es miembro del Pen-Club Internacional, de la Uni\u00f3n Nacional de Poetas<\/p>\n","protected":false},"author":1,"featured_media":0,"parent":0,"menu_order":0,"comment_status":"closed","ping_status":"closed","template":"","meta":{"footnotes":""},"class_list":["post-7553","page","type-page","status-publish","hentry"],"yoast_head":"<!-- This site is optimized with the Yoast SEO plugin v27.5 - https:\/\/yoast.com\/product\/yoast-seo-wordpress\/ -->\n<title>Javier Claure Covarrubias - REVISTA CULTURAL<\/title>\n<meta name=\"robots\" content=\"index, follow, max-snippet:-1, max-image-preview:large, max-video-preview:-1\" \/>\n<link rel=\"canonical\" href=\"https:\/\/revistaliterariaelgatonegro.com\/?page_id=7553\" \/>\n<meta property=\"og:locale\" content=\"es_ES\" \/>\n<meta property=\"og:type\" content=\"article\" \/>\n<meta property=\"og:title\" content=\"Javier Claure Covarrubias - REVISTA CULTURAL\" \/>\n<meta property=\"og:description\" content=\"Naci\u00f3 en Oruro, capital folkl\u00f3rica de Bolivia. Es miembro del Pen-Club Internacional, de la Uni\u00f3n Nacional de Poetas\" \/>\n<meta property=\"og:url\" content=\"https:\/\/revistaliterariaelgatonegro.com\/?page_id=7553\" \/>\n<meta property=\"og:site_name\" content=\"REVISTA CULTURAL\" \/>\n<meta property=\"article:modified_time\" content=\"2023-01-19T09:42:04+00:00\" \/>\n<meta property=\"og:image\" content=\"https:\/\/revistaliterariaelgatonegro.com\/wp-content\/uploads\/2023\/01\/Javier-2.jpg\" \/>\n\t<meta property=\"og:image:width\" content=\"488\" \/>\n\t<meta property=\"og:image:height\" content=\"636\" \/>\n\t<meta property=\"og:image:type\" content=\"image\/jpeg\" \/>\n<meta name=\"twitter:card\" content=\"summary_large_image\" \/>\n<meta name=\"twitter:image\" content=\"https:\/\/revistaliterariaelgatonegro.com\/wp-content\/uploads\/2023\/01\/Javier-2.jpg\" \/>\n<meta name=\"twitter:label1\" content=\"Tiempo de lectura\" \/>\n\t<meta name=\"twitter:data1\" content=\"2 minutos\" \/>\n<script type=\"application\/ld+json\" class=\"yoast-schema-graph\">{\"@context\":\"https:\\\/\\\/schema.org\",\"@graph\":[{\"@type\":\"WebPage\",\"@id\":\"https:\\\/\\\/revistaliterariaelgatonegro.com\\\/?page_id=7553\",\"url\":\"https:\\\/\\\/revistaliterariaelgatonegro.com\\\/?page_id=7553\",\"name\":\"Javier Claure Covarrubias - REVISTA CULTURAL\",\"isPartOf\":{\"@id\":\"https:\\\/\\\/revistaliterariaelgatonegro.com\\\/#website\"},\"primaryImageOfPage\":{\"@id\":\"https:\\\/\\\/revistaliterariaelgatonegro.com\\\/?page_id=7553#primaryimage\"},\"image\":{\"@id\":\"https:\\\/\\\/revistaliterariaelgatonegro.com\\\/?page_id=7553#primaryimage\"},\"thumbnailUrl\":\"https:\\\/\\\/revistaliterariaelgatonegro.com\\\/wp-content\\\/uploads\\\/2023\\\/01\\\/Javier-2.jpg\",\"datePublished\":\"2023-01-19T08:56:14+00:00\",\"dateModified\":\"2023-01-19T09:42:04+00:00\",\"breadcrumb\":{\"@id\":\"https:\\\/\\\/revistaliterariaelgatonegro.com\\\/?page_id=7553#breadcrumb\"},\"inLanguage\":\"es\",\"potentialAction\":[{\"@type\":\"ReadAction\",\"target\":[\"https:\\\/\\\/revistaliterariaelgatonegro.com\\\/?page_id=7553\"]}]},{\"@type\":\"ImageObject\",\"inLanguage\":\"es\",\"@id\":\"https:\\\/\\\/revistaliterariaelgatonegro.com\\\/?page_id=7553#primaryimage\",\"url\":\"https:\\\/\\\/revistaliterariaelgatonegro.com\\\/wp-content\\\/uploads\\\/2023\\\/01\\\/Javier-2.jpg\",\"contentUrl\":\"https:\\\/\\\/revistaliterariaelgatonegro.com\\\/wp-content\\\/uploads\\\/2023\\\/01\\\/Javier-2.jpg\",\"width\":488,\"height\":636},{\"@type\":\"BreadcrumbList\",\"@id\":\"https:\\\/\\\/revistaliterariaelgatonegro.com\\\/?page_id=7553#breadcrumb\",\"itemListElement\":[{\"@type\":\"ListItem\",\"position\":1,\"name\":\"Portada\",\"item\":\"https:\\\/\\\/revistaliterariaelgatonegro.com\\\/\"},{\"@type\":\"ListItem\",\"position\":2,\"name\":\"Javier Claure Covarrubias\"}]},{\"@type\":\"WebSite\",\"@id\":\"https:\\\/\\\/revistaliterariaelgatonegro.com\\\/#website\",\"url\":\"https:\\\/\\\/revistaliterariaelgatonegro.com\\\/\",\"name\":\"REVISTA CULTURAL\",\"description\":\" Un nuevo espacio para la divulgaci\u00f3n literaria, as\u00ed como dem\u00e1s artes \",\"publisher\":{\"@id\":\"https:\\\/\\\/revistaliterariaelgatonegro.com\\\/#\\\/schema\\\/person\\\/6a37dd51e0f101e394e91c123fd12e8a\"},\"potentialAction\":[{\"@type\":\"SearchAction\",\"target\":{\"@type\":\"EntryPoint\",\"urlTemplate\":\"https:\\\/\\\/revistaliterariaelgatonegro.com\\\/?s={search_term_string}\"},\"query-input\":{\"@type\":\"PropertyValueSpecification\",\"valueRequired\":true,\"valueName\":\"search_term_string\"}}],\"inLanguage\":\"es\"},{\"@type\":[\"Person\",\"Organization\"],\"@id\":\"https:\\\/\\\/revistaliterariaelgatonegro.com\\\/#\\\/schema\\\/person\\\/6a37dd51e0f101e394e91c123fd12e8a\",\"name\":\"administrador\",\"image\":{\"@type\":\"ImageObject\",\"inLanguage\":\"es\",\"@id\":\"https:\\\/\\\/revistaliterariaelgatonegro.com\\\/wp-content\\\/uploads\\\/2025\\\/12\\\/cropped-Logotipo-Logo-Marca-personal-Pastel-Amarillo-12-Photoroom.png\",\"url\":\"https:\\\/\\\/revistaliterariaelgatonegro.com\\\/wp-content\\\/uploads\\\/2025\\\/12\\\/cropped-Logotipo-Logo-Marca-personal-Pastel-Amarillo-12-Photoroom.png\",\"contentUrl\":\"https:\\\/\\\/revistaliterariaelgatonegro.com\\\/wp-content\\\/uploads\\\/2025\\\/12\\\/cropped-Logotipo-Logo-Marca-personal-Pastel-Amarillo-12-Photoroom.png\",\"width\":364,\"height\":212,\"caption\":\"administrador\"},\"logo\":{\"@id\":\"https:\\\/\\\/revistaliterariaelgatonegro.com\\\/wp-content\\\/uploads\\\/2025\\\/12\\\/cropped-Logotipo-Logo-Marca-personal-Pastel-Amarillo-12-Photoroom.png\"},\"sameAs\":[\"http:\\\/\\\/s864831950.mialojamiento.es\"]}]}<\/script>\n<!-- \/ Yoast SEO plugin. -->","yoast_head_json":{"title":"Javier Claure Covarrubias - REVISTA CULTURAL","robots":{"index":"index","follow":"follow","max-snippet":"max-snippet:-1","max-image-preview":"max-image-preview:large","max-video-preview":"max-video-preview:-1"},"canonical":"https:\/\/revistaliterariaelgatonegro.com\/?page_id=7553","og_locale":"es_ES","og_type":"article","og_title":"Javier Claure Covarrubias - REVISTA CULTURAL","og_description":"Naci\u00f3 en Oruro, capital folkl\u00f3rica de Bolivia. Es miembro del Pen-Club Internacional, de la Uni\u00f3n Nacional de Poetas","og_url":"https:\/\/revistaliterariaelgatonegro.com\/?page_id=7553","og_site_name":"REVISTA CULTURAL","article_modified_time":"2023-01-19T09:42:04+00:00","og_image":[{"width":488,"height":636,"url":"https:\/\/revistaliterariaelgatonegro.com\/wp-content\/uploads\/2023\/01\/Javier-2.jpg","type":"image\/jpeg"}],"twitter_card":"summary_large_image","twitter_image":"https:\/\/revistaliterariaelgatonegro.com\/wp-content\/uploads\/2023\/01\/Javier-2.jpg","twitter_misc":{"Tiempo de lectura":"2 minutos"},"schema":{"@context":"https:\/\/schema.org","@graph":[{"@type":"WebPage","@id":"https:\/\/revistaliterariaelgatonegro.com\/?page_id=7553","url":"https:\/\/revistaliterariaelgatonegro.com\/?page_id=7553","name":"Javier Claure Covarrubias - REVISTA CULTURAL","isPartOf":{"@id":"https:\/\/revistaliterariaelgatonegro.com\/#website"},"primaryImageOfPage":{"@id":"https:\/\/revistaliterariaelgatonegro.com\/?page_id=7553#primaryimage"},"image":{"@id":"https:\/\/revistaliterariaelgatonegro.com\/?page_id=7553#primaryimage"},"thumbnailUrl":"https:\/\/revistaliterariaelgatonegro.com\/wp-content\/uploads\/2023\/01\/Javier-2.jpg","datePublished":"2023-01-19T08:56:14+00:00","dateModified":"2023-01-19T09:42:04+00:00","breadcrumb":{"@id":"https:\/\/revistaliterariaelgatonegro.com\/?page_id=7553#breadcrumb"},"inLanguage":"es","potentialAction":[{"@type":"ReadAction","target":["https:\/\/revistaliterariaelgatonegro.com\/?page_id=7553"]}]},{"@type":"ImageObject","inLanguage":"es","@id":"https:\/\/revistaliterariaelgatonegro.com\/?page_id=7553#primaryimage","url":"https:\/\/revistaliterariaelgatonegro.com\/wp-content\/uploads\/2023\/01\/Javier-2.jpg","contentUrl":"https:\/\/revistaliterariaelgatonegro.com\/wp-content\/uploads\/2023\/01\/Javier-2.jpg","width":488,"height":636},{"@type":"BreadcrumbList","@id":"https:\/\/revistaliterariaelgatonegro.com\/?page_id=7553#breadcrumb","itemListElement":[{"@type":"ListItem","position":1,"name":"Portada","item":"https:\/\/revistaliterariaelgatonegro.com\/"},{"@type":"ListItem","position":2,"name":"Javier Claure Covarrubias"}]},{"@type":"WebSite","@id":"https:\/\/revistaliterariaelgatonegro.com\/#website","url":"https:\/\/revistaliterariaelgatonegro.com\/","name":"REVISTA CULTURAL","description":" Un nuevo espacio para la divulgaci\u00f3n literaria, as\u00ed como dem\u00e1s artes ","publisher":{"@id":"https:\/\/revistaliterariaelgatonegro.com\/#\/schema\/person\/6a37dd51e0f101e394e91c123fd12e8a"},"potentialAction":[{"@type":"SearchAction","target":{"@type":"EntryPoint","urlTemplate":"https:\/\/revistaliterariaelgatonegro.com\/?s={search_term_string}"},"query-input":{"@type":"PropertyValueSpecification","valueRequired":true,"valueName":"search_term_string"}}],"inLanguage":"es"},{"@type":["Person","Organization"],"@id":"https:\/\/revistaliterariaelgatonegro.com\/#\/schema\/person\/6a37dd51e0f101e394e91c123fd12e8a","name":"administrador","image":{"@type":"ImageObject","inLanguage":"es","@id":"https:\/\/revistaliterariaelgatonegro.com\/wp-content\/uploads\/2025\/12\/cropped-Logotipo-Logo-Marca-personal-Pastel-Amarillo-12-Photoroom.png","url":"https:\/\/revistaliterariaelgatonegro.com\/wp-content\/uploads\/2025\/12\/cropped-Logotipo-Logo-Marca-personal-Pastel-Amarillo-12-Photoroom.png","contentUrl":"https:\/\/revistaliterariaelgatonegro.com\/wp-content\/uploads\/2025\/12\/cropped-Logotipo-Logo-Marca-personal-Pastel-Amarillo-12-Photoroom.png","width":364,"height":212,"caption":"administrador"},"logo":{"@id":"https:\/\/revistaliterariaelgatonegro.com\/wp-content\/uploads\/2025\/12\/cropped-Logotipo-Logo-Marca-personal-Pastel-Amarillo-12-Photoroom.png"},"sameAs":["http:\/\/s864831950.mialojamiento.es"]}]}},"_links":{"self":[{"href":"https:\/\/revistaliterariaelgatonegro.com\/index.php?rest_route=\/wp\/v2\/pages\/7553","targetHints":{"allow":["GET"]}}],"collection":[{"href":"https:\/\/revistaliterariaelgatonegro.com\/index.php?rest_route=\/wp\/v2\/pages"}],"about":[{"href":"https:\/\/revistaliterariaelgatonegro.com\/index.php?rest_route=\/wp\/v2\/types\/page"}],"author":[{"embeddable":true,"href":"https:\/\/revistaliterariaelgatonegro.com\/index.php?rest_route=\/wp\/v2\/users\/1"}],"replies":[{"embeddable":true,"href":"https:\/\/revistaliterariaelgatonegro.com\/index.php?rest_route=%2Fwp%2Fv2%2Fcomments&post=7553"}],"version-history":[{"count":6,"href":"https:\/\/revistaliterariaelgatonegro.com\/index.php?rest_route=\/wp\/v2\/pages\/7553\/revisions"}],"predecessor-version":[{"id":7563,"href":"https:\/\/revistaliterariaelgatonegro.com\/index.php?rest_route=\/wp\/v2\/pages\/7553\/revisions\/7563"}],"wp:attachment":[{"href":"https:\/\/revistaliterariaelgatonegro.com\/index.php?rest_route=%2Fwp%2Fv2%2Fmedia&parent=7553"}],"curies":[{"name":"wp","href":"https:\/\/api.w.org\/{rel}","templated":true}]}}